{"id":4228,"date":"2023-04-02T18:10:23","date_gmt":"2023-04-02T16:10:23","guid":{"rendered":"https:\/\/sabbagh-orthodontics.com\/?page_id=4228"},"modified":"2024-07-07T12:27:38","modified_gmt":"2024-07-07T10:27:38","slug":"elementor-4228","status":"publish","type":"page","link":"https:\/\/sabbagh-orthodontics.com\/en\/elementor-4228\/","title":{"rendered":"Dr. Hisham Sabbagh EN"},"content":{"rendered":"<p>Dr. Hisham Sabbagh is Associate Professor at the Medical Faculty of the LMU University Hospital, Department of Orthodontics and Dentofacial Orthopedics.<\/p>\n<ul>\n<li>Specialist in Orthodontics and Dentofacial Orthopedics<\/li>\n<li>Clinical focus: Digital Orthodontics, treatment of complex malocclusions, Aligner Therapy, treatment of temporomandibular joint dysfunction (TMD)<\/li>\n<li>Senior Lecturer at the Ludwig-Maximilians-University in Munich and international speaker<\/li>\n<li>Preparation of scientific reports, investigator in clinical studies<\/li>\n<li>Supervision of researchers in early career phases (doctoral projects)<\/li>\n<\/ul>\n<style>\/*! elementor - v3.12.1 - 02-04-2023 *\/<br \/>\n.elementor-widget-image{text-align:center}.elementor-widget-image a{display:inline-block}.elementor-widget-image a img[src$=\".svg\"]{width:48px}.elementor-widget-image img{vertical-align:middle;display:inline-block}<\/style>\n<style>\/*! elementor - v3.12.1 - 02-04-2023 *\/<br \/>\n.elementor-heading-title{padding:0;margin:0;line-height:1}.elementor-widget-heading .elementor-heading-title[class*=elementor-size-]>a{color:inherit;font-size:inherit;line-height:inherit}.elementor-widget-heading .elementor-heading-title.elementor-size-small{font-size:15px}.elementor-widget-heading .elementor-heading-title.elementor-size-medium{font-size:19px}.elementor-widget-heading .elementor-heading-title.elementor-size-large{font-size:29px}.elementor-widget-heading .elementor-heading-title.elementor-size-xl{font-size:39px}.elementor-widget-heading .elementor-heading-title.elementor-size-xxl{font-size:59px}<\/style>\n<h2>Dr. med. dent. Hisham Sabbagh\u200b<\/h2>\n<p>Studium und Promotion Weiterbildung und Spezialisierung Besch\u00e4ftigung Mitgliedschaften Ehrenamt<br \/>\nStudium und Promotion<\/p>\n<h1>Studies and PhD\u200b<\/h1>\n<style>\/*! elementor - v3.12.1 - 02-04-2023 *\/<br \/>\n.elementor-widget-text-editor.elementor-drop-cap-view-stacked .elementor-drop-cap{background-color:#69727d;color:#fff}.elementor-widget-text-editor.elementor-drop-cap-view-framed .elementor-drop-cap{color:#69727d;border:3px solid;background-color:transparent}.elementor-widget-text-editor:not(.elementor-drop-cap-view-default) .elementor-drop-cap{margin-top:8px}.elementor-widget-text-editor:not(.elementor-drop-cap-view-default) .elementor-drop-cap-letter{width:1em;height:1em}.elementor-widget-text-editor .elementor-drop-cap{float:left;text-align:center;line-height:1;font-size:50px}.elementor-widget-text-editor .elementor-drop-cap-letter{display:inline-block}<\/style>\n<table id=\"tablepress-6\">\n<caption style=\"caption-side: bottom; text-align: left; border: none; background: none; margin: 0; padding: 0;\"><a href=\"https:\/\/sabbagh-orthodontics.com\/wp-admin\/admin.php?page=tablepress&amp;action=edit&amp;table_id=6\" rel=\"nofollow\">Bearbeiten<\/a><\/caption>\n<tbody>\n<tr>\n<td>2021<\/td>\n<td>Promotion an der Medizinischen Fakult\u00e4t der Ludwig-Maximilians-Universit\u00e4t M\u00fcnchen<br \/>\n(Dr. med. dent.; magna cum laude)<br \/>\nThema der Dissertation:<br \/>\n\u201eEx-vivo-Studie zur Umsetzungsgenauigkeit virtuell geplanter Bracketpositionen \u2013 Ein Vergleich additiv gefertigter Bracketu\u0308bertragungsschienen mit Polyvinyl-SiloxanTrays\u201d<\/td>\n<\/tr>\n<tr>\n<td>2010 \u2013 2016<\/td>\n<td>Studium der Zahnmedizin an der Friedrich-Alexander Universit\u00e4t Erlangen-N\u00fcrnberg<\/td>\n<\/tr>\n<tr>\n<td>2015<\/td>\n<td>Auslandsaufenthalt; ERASMUS + Stipendium und Studium an der Universit\u00e4t Barcelona (UB) \u2013 Facultat d\u2019Odontologia &amp; Kinderzahnklinik San Joan de D\u00e9u<\/td>\n<\/tr>\n<\/tbody>\n<\/table>\n<p>Weiterbildung und Spezialisierung<\/p>\n<h1>Continuing education and specialization<\/h1>\n<table id=\"tablepress-7\">\n<caption style=\"caption-side: bottom; text-align: left; border: none; background: none; margin: 0; padding: 0;\"><a href=\"https:\/\/sabbagh-orthodontics.com\/wp-admin\/admin.php?page=tablepress&amp;action=edit&amp;table_id=7\" rel=\"nofollow\">Bearbeiten<\/a><\/caption>\n<tbody>\n<tr>\n<td>2021<\/td>\n<td>Anerkennung als Fachzahnarzt f\u00fcr Kieferorthop\u00e4die durch die Bayerische Landeszahn\u00e4rztekammer (BLZK)<\/td>\n<\/tr>\n<tr>\n<td>2018 \u2013 2021<\/td>\n<td>Fachzahn\u00e4rztliche Weiterbildung gem\u00e4\u00df der Weiterbildungsordnung der Bayrischen Landeszahn\u00e4rztekammer (Curriculum Kieferorthop\u00e4die Bayern)<\/td>\n<\/tr>\n<tr>\n<td>2021<\/td>\n<td>Abschluss des Curriculums Zahn\u00e4rztliche Schlafmedizin der Deutschen Gesellschaft f\u00fcr Zahn\u00e4rztliche Schlafmedizin (DGZS) und der Akademie Praxis und Wissenschaft (APW)<\/td>\n<\/tr>\n<tr>\n<td>2021<\/td>\n<td>Abschluss des Weiterbildungsprogramms European Masters of Aligners (EUMAA)<\/td>\n<\/tr>\n<\/tbody>\n<\/table>\n<p>Besch\u00e4ftigung<\/p>\n<h1>Occupation<\/h1>\n<table id=\"tablepress-8\">\n<caption style=\"caption-side: bottom; text-align: left; border: none; background: none; margin: 0; padding: 0;\"><a href=\"https:\/\/sabbagh-orthodontics.com\/wp-admin\/admin.php?page=tablepress&amp;action=edit&amp;table_id=8\" rel=\"nofollow\">Bearbeiten<\/a><\/caption>\n<tbody>\n<tr>\n<td>seit 2022<\/td>\n<td>Oberarzt der Poliklinik f\u00fcr Kieferorthop\u00e4die, LMU<\/td>\n<\/tr>\n<tr>\n<td>2021<\/td>\n<td>Funktionsoberarzt der Poliklinik f\u00fcr Kieferorthop\u00e4die, LMU<\/td>\n<\/tr>\n<tr>\n<td>2018 \u2013 2021<\/td>\n<td>Wissenschaftlicher Mitarbeiter der Poliklinik f\u00fcr Kieferorthop\u00e4die, LMU<\/td>\n<\/tr>\n<tr>\n<td>2016 \u2013 2018<\/td>\n<td>Wissenschaftlicher Mitarbeiter der Abteilung f\u00fcr Zahn\u00e4rztliche Prothetik, Alterszahnmedizin und Funktionslehre der Charit\u00e9<\/td>\n<\/tr>\n<\/tbody>\n<\/table>\n<p>Mitgliedschaften<\/p>\n<h1>Memberships<\/h1>\n<table id=\"tablepress-9\">\n<caption style=\"caption-side: bottom; text-align: left; border: none; background: none; margin: 0; padding: 0;\"><a href=\"https:\/\/sabbagh-orthodontics.com\/wp-admin\/admin.php?page=tablepress&amp;action=edit&amp;table_id=9\" rel=\"nofollow\">Bearbeiten<\/a><\/caption>\n<tbody>\n<tr>\n<td><\/td>\n<td>Mitglied, Deutsche Gesellschaft f\u00fcr Aligner Orthodontie (DGAO)<\/td>\n<\/tr>\n<tr>\n<td><\/td>\n<td>Mitglied, Deutsche Gesellschaft f\u00fcr zahn\u00e4rztliche Schlafmedizin (DGSZ)<\/td>\n<\/tr>\n<tr>\n<td><\/td>\n<td>Mitglied, Bund Deutscher Kieferorthop\u00e4den (BDK)<\/td>\n<\/tr>\n<tr>\n<td><\/td>\n<td>Mitglied, Verein zur F\u00f6rderung der wissenschaftlichen Zahnheilkunde in Bayern (VFwZ)<\/td>\n<\/tr>\n<tr>\n<td><\/td>\n<td>Mitglied, Europan Orthodontic Society (EOS)<\/td>\n<\/tr>\n<tr>\n<td><\/td>\n<td>Mitglied, Deutsche Gesellschaft f\u00fcr Kieferorthop\u00e4die (DGKFO)<\/td>\n<\/tr>\n<tr>\n<td><\/td>\n<td>Mitglied, Deutsche Gesellschaft f\u00fcr Zahn-, Mund- und Kieferheilkunde (DGZMK)<\/td>\n<\/tr>\n<tr>\n<td><\/td>\n<td>Mitglied, Volunteer, F\u00f6rderkreis Clinica Santa Maria e.V. (FCSM)<\/td>\n<\/tr>\n<\/tbody>\n<\/table>\n<p>Ehrenamt<\/p>\n<h1>Volunteering<\/h1>\n<table id=\"tablepress-10\">\n<caption style=\"caption-side: bottom; text-align: left; border: none; background: none; margin: 0; padding: 0;\"><a href=\"https:\/\/sabbagh-orthodontics.com\/wp-admin\/admin.php?page=tablepress&amp;action=edit&amp;table_id=10\" rel=\"nofollow\">Bearbeiten<\/a><\/caption>\n<tbody>\n<tr>\n<td>09\/2020 \u2013 10\/2020<\/td>\n<td>Ehrenamtliche zahn\u00e4rztliche T\u00e4tigkeit (CMA) in Kara Tepe 2, Lesbos, Griechenland<br \/>\n(Zahnerhaltung &amp; Prophylaxe, Notfallzahnmedizin und Chirurgie)<\/td>\n<\/tr>\n<tr>\n<td>06\/2016 \u2013 08\/2017<\/td>\n<td>Ehrenamtliche zahn\u00e4rztliche T\u00e4tigkeit (FCSM) in Huancarani, Bolivien<br \/>\n(Zahnerhaltung &amp; Prophylaxe, Chirurgie und Prothetik)<\/td>\n<\/tr>\n<\/tbody>\n<\/table>\n<h1>Studies and PhD\u200b<\/h1>\n\n<table id=\"tablepress-6\" class=\"tablepress tablepress-id-6\">\n<tbody class=\"row-striping row-hover\">\n<tr class=\"row-1\">\n\t<td class=\"column-1\">2024<\/td><td class=\"column-2\">Privatdozent, Erteilung der Lehrbefugnis f\u00fcr Zahn, Mund- und Kieferheilkunde, insbesondere Kieferorthop\u00e4die<\/td>\n<\/tr>\n<tr class=\"row-2\">\n\t<td class=\"column-1\">2024<\/td><td class=\"column-2\">Habilitation an der Medizinischen Fakult\u00e4t der Ludwig-Maximilians-Universit\u00e4t<br \/>\nThema: Individualisierung und klinische Prozessoptimierung in der kieferorthop\u00e4dischen<br \/>\nDiagnostik und Therapie durch digitale Technologien und biomechanische<br \/>\nSimulationssysteme<\/td>\n<\/tr>\n<tr class=\"row-3\">\n\t<td class=\"column-1\">2021<\/td><td class=\"column-2\">Promotion an der Medizinischen Fakult\u00e4t der Ludwig-Maximilians-Universit\u00e4t M\u00fcnchen<br \/>\n(Dr. med. dent.; magna cum laude)<br \/>\nThema der Dissertation:<br \/>\n\u201eEx-vivo-Studie zur Umsetzungsgenauigkeit virtuell geplanter Bracketpositionen - Ein Vergleich additiv gefertigter Bracketu\u0308bertragungsschienen mit Polyvinyl-SiloxanTrays\u201d<\/td>\n<\/tr>\n<tr class=\"row-4\">\n\t<td class=\"column-1\">2010 - 2016<\/td><td class=\"column-2\">Studium der Zahnmedizin an der Friedrich-Alexander Universit\u00e4t Erlangen-N\u00fcrnberg<\/td>\n<\/tr>\n<tr class=\"row-5\">\n\t<td class=\"column-1\">2015<\/td><td class=\"column-2\">Auslandsaufenthalt; ERASMUS + Stipendium und Studium an der Universit\u00e4t Barcelona (UB) - Facultat d'Odontologia &amp; Kinderzahnklinik San Joan de D\u00e9u<\/td>\n<\/tr>\n<\/tbody>\n<\/table>\n<!-- #tablepress-6 from cache -->\n<h1>Continuing education and specialization<\/h1>\n\n<table id=\"tablepress-7\" class=\"tablepress tablepress-id-7\">\n<tbody class=\"row-striping row-hover\">\n<tr class=\"row-1\">\n\t<td class=\"column-1\">2021<\/td><td class=\"column-2\">Anerkennung als Fachzahnarzt f\u00fcr Kieferorthop\u00e4die durch die Bayerische Landeszahn\u00e4rztekammer (BLZK)<\/td>\n<\/tr>\n<tr class=\"row-2\">\n\t<td class=\"column-1\">2018 - 2021<\/td><td class=\"column-2\">Fachzahn\u00e4rztliche Weiterbildung gem\u00e4\u00df der Weiterbildungsordnung der Bayrischen Landeszahn\u00e4rztekammer (Curriculum Kieferorthop\u00e4die Bayern)<\/td>\n<\/tr>\n<tr class=\"row-3\">\n\t<td class=\"column-1\">2021<\/td><td class=\"column-2\">Abschluss des Curriculums Zahn\u00e4rztliche Schlafmedizin der Deutschen Gesellschaft f\u00fcr Zahn\u00e4rztliche Schlafmedizin (DGZS) und der Akademie Praxis und Wissenschaft (APW)<\/td>\n<\/tr>\n<tr class=\"row-4\">\n\t<td class=\"column-1\">2021<\/td><td class=\"column-2\">Abschluss des Weiterbildungsprogramms European Masters of Aligners (EUMAA)<\/td>\n<\/tr>\n<tr class=\"row-5\">\n\t<td class=\"column-1\">2025<\/td><td class=\"column-2\">zertifiziert durch die DGSZ (Deutsche Gesellschaft f\u00fcr Schlafmedizin)<\/td>\n<\/tr>\n<\/tbody>\n<\/table>\n<!-- #tablepress-7 from cache -->\n<h1>Occupation<\/h1>\n\n<table id=\"tablepress-8\" class=\"tablepress tablepress-id-8\">\n<tbody class=\"row-striping row-hover\">\n<tr class=\"row-1\">\n\t<td class=\"column-1\">seit 2022 <\/td><td class=\"column-2\">Oberarzt der Poliklinik f\u00fcr Kieferorthop\u00e4die, LMU<\/td>\n<\/tr>\n<tr class=\"row-2\">\n\t<td class=\"column-1\">2021 <\/td><td class=\"column-2\">Funktionsoberarzt der Poliklinik f\u00fcr Kieferorthop\u00e4die, LMU<\/td>\n<\/tr>\n<tr class=\"row-3\">\n\t<td class=\"column-1\">2018 - 2021<\/td><td class=\"column-2\">Wissenschaftlicher Mitarbeiter der Poliklinik f\u00fcr Kieferorthop\u00e4die, LMU<\/td>\n<\/tr>\n<tr class=\"row-4\">\n\t<td class=\"column-1\">2016 - 2018<\/td><td class=\"column-2\">Wissenschaftlicher Mitarbeiter der Abteilung f\u00fcr Zahn\u00e4rztliche Prothetik, Alterszahnmedizin und Funktionslehre der Charit\u00e9<\/td>\n<\/tr>\n<\/tbody>\n<\/table>\n<!-- #tablepress-8 from cache -->\n<h1>Memberships<\/h1>\n\n<table id=\"tablepress-9\" class=\"tablepress tablepress-id-9\">\n<tbody class=\"row-striping row-hover\">\n<tr class=\"row-1\">\n\t<td class=\"column-1\"><\/td><td class=\"column-2\">Mitglied, Deutsche Gesellschaft f\u00fcr Aligner Orthodontie (DGAO)<\/td>\n<\/tr>\n<tr class=\"row-2\">\n\t<td class=\"column-1\"><\/td><td class=\"column-2\">Mitglied, Deutsche Gesellschaft f\u00fcr zahn\u00e4rztliche Schlafmedizin (DGSZ)<\/td>\n<\/tr>\n<tr class=\"row-3\">\n\t<td class=\"column-1\"><\/td><td class=\"column-2\">Mitglied, Bund Deutscher Kieferorthop\u00e4den (BDK)<\/td>\n<\/tr>\n<tr class=\"row-4\">\n\t<td class=\"column-1\"><\/td><td class=\"column-2\">Mitglied, Verein zur F\u00f6rderung der wissenschaftlichen Zahnheilkunde in Bayern (VFwZ)<\/td>\n<\/tr>\n<tr class=\"row-5\">\n\t<td class=\"column-1\"><\/td><td class=\"column-2\">Mitglied, Europan Orthodontic Society (EOS)<\/td>\n<\/tr>\n<tr class=\"row-6\">\n\t<td class=\"column-1\"><\/td><td class=\"column-2\">Mitglied, Deutsche Gesellschaft f\u00fcr Kieferorthop\u00e4die (DGKFO)<\/td>\n<\/tr>\n<tr class=\"row-7\">\n\t<td class=\"column-1\"><\/td><td class=\"column-2\">Mitglied, Deutsche Gesellschaft f\u00fcr Zahn-, Mund- und Kieferheilkunde (DGZMK)<\/td>\n<\/tr>\n<tr class=\"row-8\">\n\t<td class=\"column-1\"><\/td><td class=\"column-2\">Mitglied, Volunteer, F\u00f6rderkreis Clinica Santa Maria e.V. (FCSM)<\/td>\n<\/tr>\n<\/tbody>\n<\/table>\n<!-- #tablepress-9 from cache -->\n<h1>Volunteering<\/h1>\n\n<table id=\"tablepress-10\" class=\"tablepress tablepress-id-10\">\n<tbody class=\"row-striping row-hover\">\n<tr class=\"row-1\">\n\t<td class=\"column-1\">09\/2020 - 10\/2020<\/td><td class=\"column-2\">Ehrenamtliche zahn\u00e4rztliche T\u00e4tigkeit (CMA) in Kara Tepe 2, Lesbos, Griechenland<br \/>\n(Zahnerhaltung &amp; Prophylaxe, Notfallzahnmedizin und Chirurgie)<\/td>\n<\/tr>\n<tr class=\"row-2\">\n\t<td class=\"column-1\">06\/2016 - 08\/2017<\/td><td class=\"column-2\">Ehrenamtliche zahn\u00e4rztliche T\u00e4tigkeit (FCSM) in Huancarani, Bolivien<br \/>\n(Zahnerhaltung &amp; Prophylaxe, Chirurgie und Prothetik)<\/td>\n<\/tr>\n<\/tbody>\n<\/table>\n<!-- #tablepress-10 from cache -->","protected":false},"excerpt":{"rendered":"<p>Dr. Hisham Sabbagh is Associate Professor at the Medical Faculty of the LMU University Hospital, Department of Orthodontics and Dentofacial Orthopedics. Specialist in Orthodontics and Dentofacial Orthopedics Clinical focus: Digital Orthodontics, treatment of complex malocclusions, Aligner Therapy, treatment of temporomandibular&#8230;<\/p>","protected":false},"author":1,"featured_media":0,"parent":0,"menu_order":0,"comment_status":"closed","ping_status":"closed","template":"elementor_header_footer","meta":{"footnotes":""},"class_list":["post-4228","page","type-page","status-publish","hentry"],"_links":{"self":[{"href":"https:\/\/sabbagh-orthodontics.com\/en\/wp-json\/wp\/v2\/pages\/4228","targetHints":{"allow":["GET"]}}],"collection":[{"href":"https:\/\/sabbagh-orthodontics.com\/en\/wp-json\/wp\/v2\/pages"}],"about":[{"href":"https:\/\/sabbagh-orthodontics.com\/en\/wp-json\/wp\/v2\/types\/page"}],"author":[{"embeddable":true,"href":"https:\/\/sabbagh-orthodontics.com\/en\/wp-json\/wp\/v2\/users\/1"}],"replies":[{"embeddable":true,"href":"https:\/\/sabbagh-orthodontics.com\/en\/wp-json\/wp\/v2\/comments?post=4228"}],"version-history":[{"count":10,"href":"https:\/\/sabbagh-orthodontics.com\/en\/wp-json\/wp\/v2\/pages\/4228\/revisions"}],"predecessor-version":[{"id":6123,"href":"https:\/\/sabbagh-orthodontics.com\/en\/wp-json\/wp\/v2\/pages\/4228\/revisions\/6123"}],"wp:attachment":[{"href":"https:\/\/sabbagh-orthodontics.com\/en\/wp-json\/wp\/v2\/media?parent=4228"}],"curies":[{"name":"wp","href":"https:\/\/api.w.org\/{rel}","templated":true}]}}