{"id":2513,"date":"2023-02-05T18:17:54","date_gmt":"2023-02-05T17:17:54","guid":{"rendered":"https:\/\/sabbagh-orthodontics.com\/?page_id=2513"},"modified":"2025-04-06T14:31:16","modified_gmt":"2025-04-06T12:31:16","slug":"kursanmeldung","status":"publish","type":"page","link":"https:\/\/sabbagh-orthodontics.com\/en\/kursanmeldung\/","title":{"rendered":"Kursanmeldung A.Sabbagh"},"content":{"rendered":"<div data-elementor-type=\"wp-page\" data-elementor-id=\"2513\" class=\"elementor elementor-2513\" data-elementor-post-type=\"page\">\n\t\t\t\t<div class=\"elementor-element elementor-element-8c11bd1 e-con-full e-flex e-con e-parent\" data-id=\"8c11bd1\" data-element_type=\"container\">\n\t\t\t\t<div class=\"elementor-element elementor-element-698d6b7 elementor-widget elementor-widget-text-editor\" data-id=\"698d6b7\" data-element_type=\"widget\" data-widget_type=\"text-editor.default\">\n\t\t\t\t<div class=\"elementor-widget-container\">\n\t\t\t\t\t\t\t\t\t<p>\n<table id=\"tablepress-13\" class=\"tablepress tablepress-id-13\">\n<thead>\n<tr class=\"row-1\">\n\t<th class=\"column-1\">Termin von<\/th><th class=\"column-2\">Ort<\/th><th class=\"column-3\">Thema<\/th><th class=\"column-4\">Fortbildungspunkte<\/th><th class=\"column-5\">Veranstalter<\/th><th class=\"column-6\">Anmeldung<\/th><th class=\"column-7\">Kursgeb\u00fchr<\/th><th class=\"column-8\">Language<\/th>\n<\/tr>\n<\/thead>\n<tbody class=\"row-striping row-hover\">\n<tr class=\"row-2\">\n\t<td class=\"column-1\">26.01.2023 &#8211; 28.01.2023<\/td><td class=\"column-2\">Luxor\/ \u00c4gypten<\/td><td class=\"column-3\">Hybrid Orthodontic Aligners<\/td><td class=\"column-4\">24<\/td><td class=\"column-5\">EOS<\/td><td class=\"column-6\">https:\/\/eos35.com\/<\/td><td class=\"column-7\">N.N<\/td><td class=\"column-8\">englisch<\/td>\n<\/tr>\n<tr class=\"row-3\">\n\t<td class=\"column-1\">10.03.2023<\/td><td class=\"column-2\">Kitzb\u00fchel\/ \u00d6sterreich<\/td><td class=\"column-3\">Vermeidung von Extraktion und orthognather Chirurgie <\/td><td class=\"column-4\">32<\/td><td class=\"column-5\">\u00d6GKFO<\/td><td class=\"column-6\">www.oegkfo.at<\/td><td class=\"column-7\">N.N<\/td><td class=\"column-8\">deutsch<\/td>\n<\/tr>\n<tr class=\"row-4\">\n\t<td class=\"column-1\">10.03.2023<\/td><td class=\"column-2\">Kitzb\u00fchel\/ \u00d6sterreich<\/td><td class=\"column-3\">Trouble shooting\/ Problemmanagement in der Kieferorthop\u00e4die<\/td><td class=\"column-4\">32<\/td><td class=\"column-5\">\u00d6GKFO<\/td><td class=\"column-6\">www.oegkfo.at<\/td><td class=\"column-7\">740.-\/Assist.610.-\u20ac +MwSt.<\/td><td class=\"column-8\">deutsch<\/td>\n<\/tr>\n<tr class=\"row-5\">\n\t<td class=\"column-1\">18.03.2023<\/td><td class=\"column-2\">N\u00fcrnberg<\/td><td class=\"column-3\">TMD, Malocclusion, and the Airways Diagnosis, Therapy, and Rehabilitation<\/td><td class=\"column-4\">11<\/td><td class=\"column-5\">EAZF<\/td><td class=\"column-6\">www.eazf.de\/sites\/termine?dfxid=2381<\/td><td class=\"column-7\">445.- EUR<\/td><td class=\"column-8\">deutsch<\/td>\n<\/tr>\n<tr class=\"row-6\">\n\t<td class=\"column-1\">26.3.2023 &#8211; 27.03.2023<\/td><td class=\"column-2\">Indien<\/td><td class=\"column-3\">Hybrid Orthodontic<\/td><td class=\"column-4\">32<\/td><td class=\"column-5\">IOS <\/td><td class=\"column-6\">www.iioscoorg.in<\/td><td class=\"column-7\">N.N<\/td><td class=\"column-8\">englisch<\/td>\n<\/tr>\n<tr class=\"row-7\">\n\t<td class=\"column-1\">04.05.2023<\/td><td class=\"column-2\">Erlangen<\/td><td class=\"column-3\">Hybrid Orthodontic Combi-Aligners<\/td><td class=\"column-4\">8<\/td><td class=\"column-5\">Forestadent<\/td><td class=\"column-6\"><a href=\"https:\/\/www.forestadent.com\/de-de\/kurse-kongresse\/aktuelles-kursprogramm\/\">https:\/\/www.forestadent.com\/de-de\/kurse-kongresse\/aktuelles-kursprogramm\/<\/a><\/td><td class=\"column-7\">460.- \/ Assist. 300.-\u20ac + MwSt<\/td><td class=\"column-8\">deutsch<\/td>\n<\/tr>\n<tr class=\"row-8\">\n\t<td class=\"column-1\">19.06.2023 &#8211; 20.06.2023<br \/>\n<\/td><td class=\"column-2\">Bodensee\/ Konstanz<\/td><td class=\"column-3\">Hybrid Orthodontic Combi-Aligners<\/td><td class=\"column-4\">24<\/td><td class=\"column-5\">Forestadent<\/td><td class=\"column-6\"><a href=\"https:\/\/www.forestadent.com\/de-de\/symposium\/see-zeit-konstanz-2023\/\">https:\/\/www.forestadent.com\/de-de\/symposium\/see-zeit-konstanz-2023\/<\/a><\/td><td class=\"column-7\">N.N<\/td><td class=\"column-8\">deutsch <\/td>\n<\/tr>\n<tr class=\"row-9\">\n\t<td class=\"column-1\">05.10.2023 &#8211; 07.10.2023<br \/>\n <\/td><td class=\"column-2\">Rom Italien<\/td><td class=\"column-3\">Hybrid Orthodontic Combi-Aligners<\/td><td class=\"column-4\">24<\/td><td class=\"column-5\">Forestadent<\/td><td class=\"column-6\">XI_FORESTADENT_Symposium_2023_Rom<\/td><td class=\"column-7\">N.N<\/td><td class=\"column-8\">englisch<\/td>\n<\/tr>\n<tr class=\"row-10\">\n\t<td class=\"column-1\">10.20.2023<\/td><td class=\"column-2\">Erlangen<\/td><td class=\"column-3\">Problemmanagement in der Kieferortop\u00e4die<\/td><td class=\"column-4\">8<\/td><td class=\"column-5\">Forestadent<\/td><td class=\"column-6\">https:\/\/www.forestadent.com\/de-de\/kurse-kongresse\/aktuelles-kursprogramm\/<\/td><td class=\"column-7\">460.- \/ Assist. 300.-\u20ac + MwSt<\/td><td class=\"column-8\">deutsch<\/td>\n<\/tr>\n<tr class=\"row-11\">\n\t<td class=\"column-1\">07.06.2023 &#8211; 08.06.2023<br \/>\n<\/td><td class=\"column-2\">Frankfurt \/ Mainzeit<\/td><td class=\"column-3\"><\/td><td class=\"column-4\">24<\/td><td class=\"column-5\">Forestadent<\/td><td class=\"column-6\">https:\/\/www.forestadent.com\/de-de\/symposium\/see-zeit-konstanz-2023\/<\/td><td class=\"column-7\">N.N<\/td><td class=\"column-8\">deutsch <\/td>\n<\/tr>\n<tr class=\"row-12\">\n\t<td class=\"column-1\">11.06.2023<\/td><td class=\"column-2\">Leuven\/ Belgien<\/td><td class=\"column-3\">SARA- Concept<\/td><td class=\"column-4\">8<\/td><td class=\"column-5\">Forestadent<\/td><td class=\"column-6\"><a href=\"https:\/\/www.forestadent.com\/de-de\/kurse-kongresse\/aktuelles-kursprogramm\/\">https:\/\/www.forestadent.com\/de-de\/kurse-kongresse\/aktuelles-kursprogramm\/<\/a><\/td><td class=\"column-7\">N.N<\/td><td class=\"column-8\">englisch<\/td>\n<\/tr>\n<tr class=\"row-13\">\n\t<td class=\"column-1\">29.11.2024 &#8211; 30.11.2024<\/td><td class=\"column-2\">IOS Prag<\/td><td class=\"column-3\"><\/td><td class=\"column-4\">16<\/td><td class=\"column-5\">IOS<\/td><td class=\"column-6\">N.N<\/td><td class=\"column-7\">N.N<\/td><td class=\"column-8\">englisch<\/td>\n<\/tr>\n<tr class=\"row-14\">\n\t<td class=\"column-1\">01.12.2023 &#8211; 02.12.2023<br \/>\n<\/td><td class=\"column-2\">IOS Kr\u00f6v<\/td><td class=\"column-3\">Hybrid-Ortho overcomer aligner limitation<\/td><td class=\"column-4\">16<\/td><td class=\"column-5\">IOS\/ IAO<\/td><td class=\"column-6\">www.ios-mosel.com<\/td><td class=\"column-7\">N.N<\/td><td class=\"column-8\">englisch<\/td>\n<\/tr>\n<tr class=\"row-15\">\n\t<td class=\"column-1\">17.02.2024<\/td><td class=\"column-2\">Wien<\/td><td class=\"column-3\">CMD, Malokklusion, Atmung, Diagnose und Therapie<\/td><td class=\"column-4\">11<\/td><td class=\"column-5\">WID Wien<\/td><td class=\"column-6\"><a href=\"mailto:termin@fartushna.at\">termin@fartushna.at<\/a><\/td><td class=\"column-7\">480.- EUR<\/td><td class=\"column-8\">deutsch<\/td>\n<\/tr>\n<tr class=\"row-16\">\n\t<td class=\"column-1\">28.02.2024 &#8211; 29.02.2024<br \/>\n<\/td><td class=\"column-2\">Bangkok\/Thailand <\/td><td class=\"column-3\">Advanced Interdisciplinary occlusal rehabilition <\/td><td class=\"column-4\">16<\/td><td class=\"column-5\">WDC World Dental Conferance<\/td><td class=\"column-6\"><a href=\"https:\/\/www.pioneerevents.org\/online-registration\/\">https:\/\/www.pioneerevents.org\/online-registration\/<\/a><\/td><td class=\"column-7\"><\/td><td class=\"column-8\">englisch<\/td>\n<\/tr>\n<tr class=\"row-17\">\n\t<td class=\"column-1\">16.03.2024<\/td><td class=\"column-2\">N\u00fcrnberg<\/td><td class=\"column-3\">CMD, Malokklusion, Atmung, Diagnose und Therapie<\/td><td class=\"column-4\">11<\/td><td class=\"column-5\">EAZF<\/td><td class=\"column-6\"><a href=\"\/en\/www.eazf.de\/sites\/termine\/?dfxid=2381\">https:\/\/www.eazf.de\/sites\/termine?dfxid=2381<\/a><\/td><td class=\"column-7\">N.N<\/td><td class=\"column-8\">deutsch<\/td>\n<\/tr>\n<tr class=\"row-18\">\n\t<td class=\"column-1\">22.03.2024<br \/>\n<\/td><td class=\"column-2\">Bratislava<\/td><td class=\"column-3\">Fascination &amp; limits of noncompliance orthodontic<\/td><td class=\"column-4\">8<\/td><td class=\"column-5\">Slovensk\u00e1 ortodontick\u00e1 spolo\u010dnos\u0165<\/td><td class=\"column-6\"><a href=\"https:\/\/orto.sk\/en\/congress-2024\/\">https:\/\/orto.sk\/en\/congress-2024\/<\/a><\/td><td class=\"column-7\"><\/td><td class=\"column-8\">english<\/td>\n<\/tr>\n<tr class=\"row-19\">\n\t<td class=\"column-1\">23.03.2024<\/td><td class=\"column-2\">Bratislava<\/td><td class=\"column-3\">Problem management in aligner &amp; fixed orthodontic<\/td><td class=\"column-4\">8<\/td><td class=\"column-5\">Slovensk\u00e1 ortodontick\u00e1 spolo\u010dnos\u0165<\/td><td class=\"column-6\"><a href=\"https:\/\/orto.sk\/en\/congress-2024\/\">https:\/\/orto.sk\/en\/congress-2024\/<\/a><\/td><td class=\"column-7\"><\/td><td class=\"column-8\">englisch<\/td>\n<\/tr>\n<tr class=\"row-20\">\n\t<td class=\"column-1\">07.06.2024 &#8211; 08.06.2024<br \/>\n<\/td><td class=\"column-2\">Frankfurt \/ Mainzeit<\/td><td class=\"column-3\"><\/td><td class=\"column-4\">16<\/td><td class=\"column-5\">Forestadent<\/td><td class=\"column-6\"><a href=\"https:\/\/mainzeit.forestadent.com\/\">https:\/\/mainzeit.forestadent.com\/<\/a><\/td><td class=\"column-7\">N.N<\/td><td class=\"column-8\">deutsch<\/td>\n<\/tr>\n<tr class=\"row-21\">\n\t<td class=\"column-1\">02.06.2025<br \/>\n<\/td><td class=\"column-2\">Krakau<\/td><td class=\"column-3\">CMD, Malokklusion und Atmung<\/td><td class=\"column-4\"><\/td><td class=\"column-5\">EOS<\/td><td class=\"column-6\"><a href=\"https:\/\/congress.eoseurope.org\/\">https:\/\/congress.eoseurope.org\/<\/a><\/td><td class=\"column-7\"><\/td><td class=\"column-8\">englisch<\/td>\n<\/tr>\n<tr class=\"row-22\">\n\t<td class=\"column-1\">22.03.2025<\/td><td class=\"column-2\">N\u00fcrnberg<\/td><td class=\"column-3\">CMD, Malokklusion und Atmung<\/td><td class=\"column-4\">11<\/td><td class=\"column-5\">EAZF<\/td><td class=\"column-6\"><a href=\"chrome-extension:\/\/efaidnbmnnnibpcajpcglclefindmkaj\/https:\/\/www.eazf.de\/uploads\/dokumente\/kurspdfs\/B75143_22962.pdf\">Link<\/a><\/td><td class=\"column-7\">525,- EUR<\/td><td class=\"column-8\">deutsch<\/td>\n<\/tr>\n<tr class=\"row-23\">\n\t<td class=\"column-1\">11.04.2025 &#8211; 12.04.2025<br \/>\n<\/td><td class=\"column-2\">Stettin<\/td><td class=\"column-3\">Interdisciplinary occlusal rehabilition<\/td><td class=\"column-4\"><\/td><td class=\"column-5\">PUM<\/td><td class=\"column-6\">zperio@pum.edu.pl<\/td><td class=\"column-7\"><\/td><td class=\"column-8\"><\/td>\n<\/tr>\n<\/tbody>\n<\/table>\n<\/p>\t\t\t\t\t\t\t\t<\/div>\n\t\t\t\t<\/div>\n\t\t\t\t<\/div>\n\t\t\t\t<\/div>","protected":false},"excerpt":{"rendered":"","protected":false},"author":1,"featured_media":0,"parent":0,"menu_order":0,"comment_status":"closed","ping_status":"closed","template":"","meta":{"footnotes":""},"class_list":["post-2513","page","type-page","status-publish","hentry"],"_links":{"self":[{"href":"https:\/\/sabbagh-orthodontics.com\/en\/wp-json\/wp\/v2\/pages\/2513","targetHints":{"allow":["GET"]}}],"collection":[{"href":"https:\/\/sabbagh-orthodontics.com\/en\/wp-json\/wp\/v2\/pages"}],"about":[{"href":"https:\/\/sabbagh-orthodontics.com\/en\/wp-json\/wp\/v2\/types\/page"}],"author":[{"embeddable":true,"href":"https:\/\/sabbagh-orthodontics.com\/en\/wp-json\/wp\/v2\/users\/1"}],"replies":[{"embeddable":true,"href":"https:\/\/sabbagh-orthodontics.com\/en\/wp-json\/wp\/v2\/comments?post=2513"}],"version-history":[{"count":10,"href":"https:\/\/sabbagh-orthodontics.com\/en\/wp-json\/wp\/v2\/pages\/2513\/revisions"}],"predecessor-version":[{"id":6575,"href":"https:\/\/sabbagh-orthodontics.com\/en\/wp-json\/wp\/v2\/pages\/2513\/revisions\/6575"}],"wp:attachment":[{"href":"https:\/\/sabbagh-orthodontics.com\/en\/wp-json\/wp\/v2\/media?parent=2513"}],"curies":[{"name":"wp","href":"https:\/\/api.w.org\/{rel}","templated":true}]}}